{"id":387,"date":"2019-01-04T13:24:13","date_gmt":"2019-01-04T13:24:13","guid":{"rendered":"https:\/\/manon.qodeinteractive.com\/?page_id=387"},"modified":"2025-04-22T02:29:10","modified_gmt":"2025-04-22T00:29:10","slug":"a-propos","status":"publish","type":"page","link":"https:\/\/elongo-festival.com\/index.php\/a-propos\/","title":{"rendered":"\u00e0 propos"},"content":{"rendered":"<div class=\"wpb-content-wrapper\"><p>[vc_row][vc_column]<div class=\"edgtf-elements-holder   edgtf-one-column  edgtf-responsive-mode-768 \" ><div class=\"edgtf-eh-item     \"  data-item-class=\"edgtf-eh-custom-7208\" data-769-1024=\"60px 60px 0px\" data-681-768=\"60px 60px 0px\" data-680=\"30px 38px 0px\">\n\t<div class=\"edgtf-eh-item-inner\">\n\t\t<div class=\"edgtf-eh-item-content edgtf-eh-custom-7208\" style=\"padding: 0px 70px 0px\">\n\t\t\t[vc_single_image image=&#8221;3129&#8243; img_size=&#8221;full&#8221; css=&#8221;&#8221;]\t\t<\/div>\n\t<\/div>\n<\/div><\/div>[\/vc_column][\/vc_row][vc_row row_content_width=&#8221;grid&#8221; css=&#8221;.vc_custom_1547481087568{padding-top: 148px !important;}&#8221;][vc_column]<div class=\"edgtf-elements-holder   edgtf-one-column  edgtf-responsive-mode-768 \" ><div class=\"edgtf-eh-item     \"  data-item-class=\"edgtf-eh-custom-7293\">\n\t<div class=\"edgtf-eh-item-inner\">\n\t\t<div class=\"edgtf-eh-item-content edgtf-eh-custom-7293\" style=\"padding: 0px 0px\">\n\t\t\t<div class=\"edgtf-section-title-holder  edgtf-st-standard edgtf-st-title-left edgtf-st-normal-space \" >\n\t<div class=\"edgtf-st-inner\">\n\t\t\t\t\t<h2 class=\"edgtf-st-title\" >\n\t\t\t\tElongo Festival\t\t\t<\/h2>\n\t\t\t\t\t<\/div>\n<\/div>\t\t<\/div>\n\t<\/div>\n<\/div><\/div>[\/vc_column][\/vc_row][vc_row content_placement=&#8221;top&#8221; row_content_width=&#8221;grid&#8221; css=&#8221;.vc_custom_1545926961944{padding-top: 32px !important;padding-bottom: 153px !important;}&#8221;][vc_column]<div class=\"edgtf-elements-holder   edgtf-three-columns  edgtf-responsive-mode-1024 \" ><div class=\"edgtf-eh-item  edgtf-vertical-alignment-top   \"  data-item-class=\"edgtf-eh-custom-8641\" data-1025-1366=\"0px 35px 0px 0px\" data-769-1024=\"0px 0px 30px\" data-681-768=\"0px 0px 30px\" data-680=\"0px 0px 30px\">\n\t<div class=\"edgtf-eh-item-inner\">\n\t\t<div class=\"edgtf-eh-item-content edgtf-eh-custom-8641\" style=\"padding: 0px 50px 0px 0px\">\n\t\t\t[vc_column_text]<\/p>\n<h6>About us<\/h6>\n<p>[\/vc_column_text][vc_column_text css=&#8221;&#8221;]<i><span style=\"font-weight: 400;\">\u00ab\u00a0La culture est une arme de paix\u00a0\u00bb. <\/span><\/i><span style=\"font-weight: 400;\">Ces quelques mots percutants de l\u2019artiste Maxime Gralet pourraient r\u00e9sumer \u00e0 eux seuls la raison d\u2019\u00eatre du Festival Elongo que nous avons l\u2019honneur et le plaisir de partager avec vous, amis de la presse et des m\u00e9dias et plus largement amis et soutiens de la culture et des arts en R\u00e9publique D\u00e9mocratique du Congo.\u00a0<\/span><\/p>\n<p><span style=\"font-weight: 400;\">Dans des temps si troubles, au c\u0153ur d\u2019incertitudes si essentielles\u2026 la culture est-elle prioritaire\u00a0? A-t-elle sa place dans la longue liste des d\u00e9fis que doit affronter le pays\u00a0?\u00a0<\/span><\/p>\n<p><span style=\"font-weight: 400;\">La r\u00e9ponse est sans \u00e9quivoque et l\u2019Histoire nous le confirme\u00a0: OUI !<\/span><\/p>\n<p><span style=\"font-weight: 400;\">Oui \u2013 soutenir la jeunesse et la culture en temps de crise grave est une possibilit\u00e9 de prot\u00e9ger l\u2019identit\u00e9 d\u2019un peuple, de contribuer \u00e0 sa r\u00e9silience, d\u2019organiser une r\u00e9sistance pacifique et pr\u00e9parer la reconstruction future.\u00a0<\/span><\/p>\n<p><span style=\"font-weight: 400;\">Au-del\u00e0 de la conjoncture actuelle particuli\u00e8rement difficile, la pression de d\u00e9mographique que repr\u00e9sente la jeunesse sur le continent africain et particuli\u00e8rement en RDC (pr\u00e8s de 70% de la population congolaise a moins de 24 ans), les industries culturelles et cr\u00e9atives repr\u00e9sentent une opportunit\u00e9 en mati\u00e8re de d\u00e9veloppement et de cr\u00e9ation d\u2019emplois dans ce grand pays de culture et de cr\u00e9ation. Le renforcement des capacit\u00e9s dans le secteur culturel, l\u2019engagement citoyen pour une soci\u00e9t\u00e9 inclusive qui donne sa place \u00e0 chacune et chacun sont autant de ferments favorables \u00e0 une coh\u00e9sion sociale.\u00a0<\/span><\/p>\n<p><span style=\"font-weight: 400;\">Malgr\u00e9 une vitalit\u00e9 artistique incontestable et internationalement ce\u0301le\u0301bre\u0301e dans les circuits internationaux de l\u2019art et de la culture, faisant preuve d\u2019une r\u00e9silience hors du commun par un sens aigu de la \u00ab d\u00e9brouille \u00bb, de l\u2019autoproduction et de l\u2019entreprenariat, l\u2019\u00e9cosyst\u00e8me culturel congolais reste fragile et isole\u0301 ; ce constat concerne surtout la jeune cr\u00e9ation mais \u00e9galement les artistes des r\u00e9gions en dehors des grands centres urbains.\u00a0<\/span><\/p>\n<p><span style=\"font-weight: 400;\">Le festival ELONGO entend participer avec humilit\u00e9 mais efficacit\u00e9 au renforcement du secteur culturel en offrant une visibilit\u00e9 a\u0300 la jeune cr\u00e9ation congolaise, en permettant une mobilit\u00e9 nationale des \u00e9quipes artistiques, en accompagnant des op\u00e9rateurs culturels dans leur professionnalisation.\u00a0<\/span>[\/vc_column_text]\t\t<\/div>\n\t<\/div>\n<\/div><div class=\"edgtf-eh-item  edgtf-vertical-alignment-top   \"  data-item-class=\"edgtf-eh-custom-6847\" data-1025-1366=\"0px 0px 0px 35px\" data-769-1024=\"0px 0px 30px\" data-681-768=\"0px 0px 30px\" data-680=\"0px 0px 30px\">\n\t<div class=\"edgtf-eh-item-inner\">\n\t\t<div class=\"edgtf-eh-item-content edgtf-eh-custom-6847\" style=\"padding: 0px 0px 0px 50px\">\n\t\t\t[vc_column_text css=&#8221;&#8221;]<\/p>\n<h6>Objectifs<\/h6>\n<p>[\/vc_column_text][vc_column_text css=&#8221;&#8221;]<span style=\"font-weight: 400;\">Le Festival Elongo poursuit les objectifs suivants\u00a0:\u00a0<\/span><\/p>\n<ul>\n<li style=\"font-weight: 400;\" aria-level=\"1\"><span style=\"font-weight: 400;\">Cr\u00e9er un espace d\u2019expression et de valorisation pour les jeunes talents congolais ;\u00a0<\/span><\/li>\n<li style=\"font-weight: 400;\" aria-level=\"1\"><span style=\"font-weight: 400;\">Promouvoir l\u2019acc\u00e8s aux services socio-culturels pour les jeunes, avec un focus particulier sur les jeunes femmes ;\u00a0<\/span><\/li>\n<li style=\"font-weight: 400;\" aria-level=\"1\"><span style=\"font-weight: 400;\">Renforcer les comp\u00e9tences des acteurs culturels locaux dans les 4 villes Elongo ;\u00a0\u00a0<\/span><\/li>\n<li style=\"font-weight: 400;\" aria-level=\"1\"><span style=\"font-weight: 400;\">Promouvoir une mobilit\u00e9 nationale et internationale pour les jeunes talents leur visibilit\u00e9 et leurs opportunit\u00e9s.<\/span><\/li>\n<\/ul>\n<p><span style=\"font-weight: 400;\">Le Festival Elongo se d\u00e9cline de la fa\u00e7on suivante\u00a0:\u00a0<\/span><\/p>\n<ul>\n<li style=\"font-weight: 400;\" aria-level=\"1\"><span style=\"font-weight: 400;\">Organisation d\u2019un concours autour des disciplines danse, slam, humour, th\u00e9\u00e2tre, et musique sous la forme d\u2019un festival ouvert au public et b\u00e9n\u00e9ficiant d\u2019une large visibilit\u00e9 locale et d\u2019une implication importante des acteurs locaux (tissu associatif, collectivit\u00e9s, ONG et centres culturels) ;\u00a0\u00a0<\/span><\/li>\n<li style=\"font-weight: 400;\" aria-level=\"1\"><span style=\"font-weight: 400;\">Durant le temps du festival dans chaque ville, mise en place d\u2019un village Elongo, espace de rencontre et de dialogue, lieu accueillant et inclusif d\u2019information et de sensibilisation aux questions de sante\u0301 et de bien-\u00eatre ;\u00a0<\/span><\/li>\n<li style=\"font-weight: 400;\" aria-level=\"1\"><span style=\"font-weight: 400;\">Organisation de workshops et de formations r\u00e9pondant aux besoins des structures locales et de leur r\u00e9seau de partenaires (associations, centres culturels, r\u00e9seaux d\u2019artistes&#8230;) ;<\/span><\/li>\n<li style=\"font-weight: 400;\" aria-level=\"1\"><span style=\"font-weight: 400;\">L\u2019organisation d\u2019une grande finale du concours a\u0300 Kinshasa rassemblant les laur\u00e9ats des autres villes sous la forme d\u2019un \u00e9v\u00e8nement qualitatif, festif et visant a\u0300 mettre les \u00e9quipes artistiques en contact avec des programmateurs, des institutions nationales et internationales.\u00a0<\/span><\/li>\n<\/ul>\n<p>[\/vc_column_text]\t\t<\/div>\n\t<\/div>\n<\/div><div class=\"edgtf-eh-item  edgtf-vertical-alignment-top   \"  data-item-class=\"edgtf-eh-custom-7120\" data-1025-1366=\"0px 0px 0px 70px\" data-769-1024=\"0px\" data-681-768=\"0px\" data-680=\"0px\">\n\t<div class=\"edgtf-eh-item-inner\">\n\t\t<div class=\"edgtf-eh-item-content edgtf-eh-custom-7120\" style=\"padding: 0px 0px 0px 100px\">\n\t\t\t[vc_column_text css=&#8221;&#8221;]<\/p>\n<h6>Lieux et dates<\/h6>\n<p>[\/vc_column_text][vc_column_text css=&#8221;&#8221;]<span style=\"font-weight: 400;\">La m\u00e9canique de s\u00e9lection des talent d\u2019Elongo est la suivante\u00a0:\u00a0<\/span><\/p>\n<ul>\n<li style=\"font-weight: 400;\" aria-level=\"1\"><span style=\"font-weight: 400;\">Le festival est constitu\u00e9 de 4 \u00e9tapes r\u00e9parties sur l\u2019ensemble du territoire de la R\u00e9publique d\u00e9mocratique du Congo. Lubumbashi, Kisangani, Mbuji-Mayi, et un gala de cl\u00f4ture \u00e0 Kinshasa.\u00a0<\/span><\/li>\n<li aria-level=\"1\">Chaque \u00e9tape du festival permettra \u00e0 des artistes de se produire en Musique, Danse, Slam &amp; Humour, et Spectacle vivant.<\/li>\n<li style=\"font-weight: 400;\" aria-level=\"1\"><span style=\"font-weight: 400;\">Chacune des \u00e9tapes du festival durera trois jours, avec un programme organis\u00e9 autour d\u2019un village partenaires, d\u2019une programmation artistique, et d\u2019un concours \u00e0 destination des jeunes talents de la r\u00e9gion concern\u00e9e.\u00a0<\/span><\/li>\n<li style=\"font-weight: 400;\" aria-level=\"1\"><span style=\"font-weight: 400;\">Ces talents, s\u00e9lectionn\u00e9es par un panel de coaches et de professionnels du spectacle vivant, b\u00e9n\u00e9ficieront d\u2019un accompagnement personnalis\u00e9 pendant une semaine de bootcamp, avant de montrer le r\u00e9sultat de leur travail au cours du festival. A l\u2019issu de celui-ci, un artiste gagnant sera s\u00e9lectionn\u00e9 pour participer au Gala de cl\u00f4ture.<\/span><\/li>\n<\/ul>\n<p><span style=\"font-weight: 400;\">Amen\u00e9 \u00e0 se p\u00e9renniser dans les ann\u00e9es qui viennent et \u00e0 devenir un rendez-vous culturel national r\u00e9curent, l\u2019\u00e9dition I du Festival Elongo se tiendra selon le planning suivant\u00a0; les dates pr\u00e9cises, les lieux de production dans chacune des villes vous seront communiqu\u00e9s tr\u00e8s prochainement. Nous veillerons bien s\u00fbr \u00e0 adapter le chronogramme suivant l\u2019actualit\u00e9 s\u00e9curitaire du pays et de chacune des provinces concern\u00e9es\u00a0:\u00a0<\/span><\/p>\n<ul>\n<li style=\"font-weight: 400;\" aria-level=\"1\"><span style=\"font-weight: 400;\">19 au 21 juin 2025 \u2013 Lubumbashi \u2013 Haut Katanga ;\u00a0<\/span><\/li>\n<li style=\"font-weight: 400;\" aria-level=\"1\"><span style=\"font-weight: 400;\">Juillet 2025 \u2013 Mbuji Mayi \u2013 Kasa\u00ef oriental ;\u00a0<\/span><\/li>\n<li style=\"font-weight: 400;\" aria-level=\"1\"><span style=\"font-weight: 400;\">Aout 2025 \u2013 Kisangani &#8211; Tshopo ;\u00a0<\/span><\/li>\n<li style=\"font-weight: 400;\" aria-level=\"1\"><span style=\"font-weight: 400;\">D\u00e9cembre 2025 \u2013 Kinshasa \u2013 Kinshasa.<\/span><\/li>\n<\/ul>\n<p>[\/vc_column_text]\t\t<\/div>\n\t<\/div>\n<\/div><\/div>[\/vc_column][\/vc_row][vc_row][vc_column]<div class=\"edgtf-blog-list-holder edgtf-grid-list edgtf-bl-standard edgtf-three-columns edgtf-disable-bottom-space edgtf-huge-space edgtf-bl-pag-no-pagination\"  data-type=standard data-number-of-posts=-1 data-number-of-columns=three data-space-between-items=huge data-category=actualites data-orderby=date data-order=ASC data-image-size=full data-title-tag=h4 data-excerpt-length=40 data-post-info-section=yes data-post-info-image=yes data-post-info-author=yes data-post-info-date=yes data-post-info-category=yes data-post-info-comments=no data-post-info-like=no data-post-info-share=no data-pagination-type=no-pagination data-max-num-pages=0 data-next-page=2>\n\t<div class=\"edgtf-bl-wrapper edgtf-outer-space\">\n\t\t<ul class=\"edgtf-blog-list\">\n\t\t\t<li class=\"edgtf-bl-item edgtf-item-space\">\n\t<div class=\"edgtf-bli-inner\">\n\t\t\n\t<div class=\"edgtf-post-image\">\n\t\t\t\t\t<a itemprop=\"url\" href=\"https:\/\/elongo-festival.com\/index.php\/2019\/01\/01\/dates-villes\/\" title=\"Les dates du festival\">\n\t\t\t\t\t<img loading=\"lazy\" decoding=\"async\" width=\"2560\" height=\"1707\" src=\"https:\/\/elongo-festival.com\/wp-content\/uploads\/2019\/01\/Elongo-Design-37-scaled.jpg\" class=\"attachment-full size-full wp-post-image\" alt=\"\" srcset=\"https:\/\/elongo-festival.com\/wp-content\/uploads\/2019\/01\/Elongo-Design-37-scaled.jpg 2560w, https:\/\/elongo-festival.com\/wp-content\/uploads\/2019\/01\/Elongo-Design-37-300x200.jpg 300w, https:\/\/elongo-festival.com\/wp-content\/uploads\/2019\/01\/Elongo-Design-37-1024x683.jpg 1024w, https:\/\/elongo-festival.com\/wp-content\/uploads\/2019\/01\/Elongo-Design-37-768x512.jpg 768w, https:\/\/elongo-festival.com\/wp-content\/uploads\/2019\/01\/Elongo-Design-37-1536x1024.jpg 1536w\" sizes=\"auto, (max-width: 2560px) 100vw, 2560px\" \/>\t\t\t\t\t<\/a>\n\t\t\t\t\t<\/div>\n        <div class=\"edgtf-bli-content\">\n                            <div class=\"edgtf-bli-info\">\n\t                <div itemprop=\"dateCreated\" class=\"edgtf-post-info-date entry-date published updated\">\n            <a itemprop=\"url\" href=\"https:\/\/elongo-festival.com\/index.php\/2019\/01\/\">\n    \n        1 January 2019        <\/a>\n    <meta itemprop=\"interactionCount\" content=\"UserComments: 2\"\/>\n<\/div><div class=\"edgtf-post-info-category\">\n    <a href=\"https:\/\/elongo-festival.com\/index.php\/category\/actualites\/\" rel=\"category tag\">Actualit\u00e9s<\/a><\/div><div class=\"edgtf-post-info-author\">\n    <span class=\"edgtf-post-info-author-text\">\n        By    <\/span>\n    <a itemprop=\"author\" class=\"edgtf-post-info-author-link\" href=\"https:\/\/elongo-festival.com\/index.php\/author\/admin6873\/\">\n        admin6873    <\/a>\n<\/div>                <\/div>\n            \t\n\t        \n<h4 itemprop=\"name\" class=\"entry-title edgtf-post-title\" >\n            <a itemprop=\"url\" href=\"https:\/\/elongo-festival.com\/index.php\/2019\/01\/01\/dates-villes\/\" title=\"Les dates du festival\">\n            Les dates du festival            <\/a>\n    <\/h4>\t\n\t        <div class=\"edgtf-bli-excerpt\">\n\t\t        \t\t<div class=\"edgtf-post-excerpt-holder\">\n\t\t\t<p itemprop=\"description\" class=\"edgtf-post-excerpt\">\n\t\t\t\tLe festival est constitu\u00e9 de 4 \u00e9tapes r\u00e9parties sur l\u2019ensemble du territoire de la R\u00e9publique d\u00e9mocratique du Congo. Lubumbashi, Kisangani, Mbuji-Mayi, et un gala de cl\u00f4ture \u00e0 Kinshasa.\t\t\t<\/p>\n\t\t<\/div>\n\t\t\t        \t<div class=\"edgtf-post-read-more-button\">\n\t\t<a itemprop=\"url\" href=\"https:\/\/elongo-festival.com\/index.php\/2019\/01\/01\/dates-villes\/\" target=\"_self\"  class=\"edgtf-btn edgtf-btn-medium edgtf-btn-simple edgtf-blog-list-button\" data-move=\"strict\" data-text=\"Read More\" >    <span class=\"edgtf-btn-text\">Read More<\/span>    <\/a>\t<\/div>\n\t        <\/div>\n        <\/div>\n\t<\/div>\n<\/li><li class=\"edgtf-bl-item edgtf-item-space\">\n\t<div class=\"edgtf-bli-inner\">\n\t\t\n\t<div class=\"edgtf-post-image\">\n\t\t\t\t\t<a itemprop=\"url\" href=\"https:\/\/elongo-festival.com\/index.php\/2019\/01\/23\/festival-elongo\/\" title=\"Lancement du Festival !\">\n\t\t\t\t\t<img decoding=\"async\" src=\"https:\/\/elongo-festival.com\/wp-content\/uploads\/2025\/03\/Gravity-Identity-Brand-Cards-Free-psd-Mockup.jpg\" class=\"attachment-full size-full\" alt=\"\" \/>\t\t\t\t\t<\/a>\n\t\t\t\t\t<\/div>\n        <div class=\"edgtf-bli-content\">\n                            <div class=\"edgtf-bli-info\">\n\t                <div itemprop=\"dateCreated\" class=\"edgtf-post-info-date entry-date published updated\">\n            <a itemprop=\"url\" href=\"https:\/\/elongo-festival.com\/index.php\/2019\/01\/\">\n    \n        23 January 2019        <\/a>\n    <meta itemprop=\"interactionCount\" content=\"UserComments: 2\"\/>\n<\/div><div class=\"edgtf-post-info-category\">\n    <a href=\"https:\/\/elongo-festival.com\/index.php\/category\/actualites\/\" rel=\"category tag\">Actualit\u00e9s<\/a><\/div><div class=\"edgtf-post-info-author\">\n    <span class=\"edgtf-post-info-author-text\">\n        By    <\/span>\n    <a itemprop=\"author\" class=\"edgtf-post-info-author-link\" href=\"https:\/\/elongo-festival.com\/index.php\/author\/admin6873\/\">\n        admin6873    <\/a>\n<\/div>                <\/div>\n            \t\n\t        \n<h4 itemprop=\"name\" class=\"entry-title edgtf-post-title\" >\n            <a itemprop=\"url\" href=\"https:\/\/elongo-festival.com\/index.php\/2019\/01\/23\/festival-elongo\/\" title=\"Lancement du Festival !\">\n            Lancement du Festival !            <\/a>\n    <\/h4>\t\n\t        <div class=\"edgtf-bli-excerpt\">\n\t\t        \t\t<div class=\"edgtf-post-excerpt-holder\">\n\t\t\t<p itemprop=\"description\" class=\"edgtf-post-excerpt\">\n\t\t\t\t\u00ab\u00a0La culture est une arme de paix\u00a0\u00bb. Ces quelques mots percutants de l\u2019artiste Maxime Gralet pourraient r\u00e9sumer \u00e0 eux seuls la raison d\u2019\u00eatre du Festival Elongo que nous avons l\u2019honneur et le plaisir de partager avec vous, amis de la\t\t\t<\/p>\n\t\t<\/div>\n\t\t\t        \t<div class=\"edgtf-post-read-more-button\">\n\t\t<a itemprop=\"url\" href=\"https:\/\/elongo-festival.com\/index.php\/2019\/01\/23\/festival-elongo\/\" target=\"_self\"  class=\"edgtf-btn edgtf-btn-medium edgtf-btn-simple edgtf-blog-list-button\" data-move=\"strict\" data-text=\"Read More\" >    <span class=\"edgtf-btn-text\">Read More<\/span>    <\/a>\t<\/div>\n\t        <\/div>\n        <\/div>\n\t<\/div>\n<\/li><li class=\"edgtf-bl-item edgtf-item-space\">\n\t<div class=\"edgtf-bli-inner\">\n\t\t\n\t<div class=\"edgtf-post-image\">\n\t\t\t\t\t<a itemprop=\"url\" href=\"https:\/\/elongo-festival.com\/index.php\/2019\/01\/23\/equipe-elongo\/\" title=\"L&#8217;\u00e9quipe Elongo\">\n\t\t\t\t\t<img loading=\"lazy\" decoding=\"async\" width=\"1889\" height=\"1261\" src=\"https:\/\/elongo-festival.com\/wp-content\/uploads\/2019\/01\/Elongo-Design-41.jpg\" class=\"attachment-full size-full\" alt=\"\" srcset=\"https:\/\/elongo-festival.com\/wp-content\/uploads\/2019\/01\/Elongo-Design-41.jpg 1889w, https:\/\/elongo-festival.com\/wp-content\/uploads\/2019\/01\/Elongo-Design-41-300x200.jpg 300w, https:\/\/elongo-festival.com\/wp-content\/uploads\/2019\/01\/Elongo-Design-41-1024x684.jpg 1024w, https:\/\/elongo-festival.com\/wp-content\/uploads\/2019\/01\/Elongo-Design-41-768x513.jpg 768w, https:\/\/elongo-festival.com\/wp-content\/uploads\/2019\/01\/Elongo-Design-41-1536x1025.jpg 1536w\" sizes=\"auto, (max-width: 1889px) 100vw, 1889px\" \/>\t\t\t\t\t<\/a>\n\t\t\t\t\t<\/div>\n        <div class=\"edgtf-bli-content\">\n                            <div class=\"edgtf-bli-info\">\n\t                <div itemprop=\"dateCreated\" class=\"edgtf-post-info-date entry-date published updated\">\n            <a itemprop=\"url\" href=\"https:\/\/elongo-festival.com\/index.php\/2019\/01\/\">\n    \n        23 January 2019        <\/a>\n    <meta itemprop=\"interactionCount\" content=\"UserComments: 2\"\/>\n<\/div><div class=\"edgtf-post-info-category\">\n    <a href=\"https:\/\/elongo-festival.com\/index.php\/category\/actualites\/\" rel=\"category tag\">Actualit\u00e9s<\/a><\/div><div class=\"edgtf-post-info-author\">\n    <span class=\"edgtf-post-info-author-text\">\n        By    <\/span>\n    <a itemprop=\"author\" class=\"edgtf-post-info-author-link\" href=\"https:\/\/elongo-festival.com\/index.php\/author\/admin6873\/\">\n        admin6873    <\/a>\n<\/div>                <\/div>\n            \t\n\t        \n<h4 itemprop=\"name\" class=\"entry-title edgtf-post-title\" >\n            <a itemprop=\"url\" href=\"https:\/\/elongo-festival.com\/index.php\/2019\/01\/23\/equipe-elongo\/\" title=\"L&#8217;\u00e9quipe Elongo\">\n            L&#8217;\u00e9quipe Elongo            <\/a>\n    <\/h4>\t\n\t        <div class=\"edgtf-bli-excerpt\">\n\t\t        \t\t<div class=\"edgtf-post-excerpt-holder\">\n\t\t\t<p itemprop=\"description\" class=\"edgtf-post-excerpt\">\n\t\t\t\tLe Festival Elongo est un projet imagine\u0301 et finance\u0301 par l'agence belge de coop\u00e9ration internationale dans le cadre de son programme \u00ab Jeunesse Cre\u0301ative \u00bb.\u00a0\t\t\t<\/p>\n\t\t<\/div>\n\t\t\t        \t<div class=\"edgtf-post-read-more-button\">\n\t\t<a itemprop=\"url\" href=\"https:\/\/elongo-festival.com\/index.php\/2019\/01\/23\/equipe-elongo\/\" target=\"_self\"  class=\"edgtf-btn edgtf-btn-medium edgtf-btn-simple edgtf-blog-list-button\" data-move=\"strict\" data-text=\"Read More\" >    <span class=\"edgtf-btn-text\">Read More<\/span>    <\/a>\t<\/div>\n\t        <\/div>\n        <\/div>\n\t<\/div>\n<\/li><li class=\"edgtf-bl-item edgtf-item-space\">\n\t<div class=\"edgtf-bli-inner\">\n\t\t\n\t<div class=\"edgtf-post-image\">\n\t\t\t\t\t<a itemprop=\"url\" href=\"https:\/\/elongo-festival.com\/index.php\/2025\/04\/22\/appel-a-candidatures-lubumbashi\/\" title=\"Appel \u00e0 candidatures Lubumbashi\">\n\t\t\t\t\t<img loading=\"lazy\" decoding=\"async\" width=\"1889\" height=\"1261\" src=\"https:\/\/elongo-festival.com\/wp-content\/uploads\/2025\/04\/Enabel-Elongo-Banniere-site-Appel-a-candidature-Ok.jpg\" class=\"attachment-full size-full wp-post-image\" alt=\"\" srcset=\"https:\/\/elongo-festival.com\/wp-content\/uploads\/2025\/04\/Enabel-Elongo-Banniere-site-Appel-a-candidature-Ok.jpg 1889w, https:\/\/elongo-festival.com\/wp-content\/uploads\/2025\/04\/Enabel-Elongo-Banniere-site-Appel-a-candidature-Ok-300x200.jpg 300w, https:\/\/elongo-festival.com\/wp-content\/uploads\/2025\/04\/Enabel-Elongo-Banniere-site-Appel-a-candidature-Ok-1024x684.jpg 1024w, https:\/\/elongo-festival.com\/wp-content\/uploads\/2025\/04\/Enabel-Elongo-Banniere-site-Appel-a-candidature-Ok-768x513.jpg 768w, https:\/\/elongo-festival.com\/wp-content\/uploads\/2025\/04\/Enabel-Elongo-Banniere-site-Appel-a-candidature-Ok-1536x1025.jpg 1536w\" sizes=\"auto, (max-width: 1889px) 100vw, 1889px\" \/>\t\t\t\t\t<\/a>\n\t\t\t\t\t<\/div>\n        <div class=\"edgtf-bli-content\">\n                            <div class=\"edgtf-bli-info\">\n\t                <div itemprop=\"dateCreated\" class=\"edgtf-post-info-date entry-date published updated\">\n            <a itemprop=\"url\" href=\"https:\/\/elongo-festival.com\/index.php\/2025\/04\/\">\n    \n        22 April 2025        <\/a>\n    <meta itemprop=\"interactionCount\" content=\"UserComments: 0\"\/>\n<\/div><div class=\"edgtf-post-info-category\">\n    <a href=\"https:\/\/elongo-festival.com\/index.php\/category\/actualites\/\" rel=\"category tag\">Actualit\u00e9s<\/a><\/div><div class=\"edgtf-post-info-author\">\n    <span class=\"edgtf-post-info-author-text\">\n        By    <\/span>\n    <a itemprop=\"author\" class=\"edgtf-post-info-author-link\" href=\"https:\/\/elongo-festival.com\/index.php\/author\/admin6873\/\">\n        admin6873    <\/a>\n<\/div>                <\/div>\n            \t\n\t        \n<h4 itemprop=\"name\" class=\"entry-title edgtf-post-title\" >\n            <a itemprop=\"url\" href=\"https:\/\/elongo-festival.com\/index.php\/2025\/04\/22\/appel-a-candidatures-lubumbashi\/\" title=\"Appel \u00e0 candidatures Lubumbashi\">\n            Appel \u00e0 candidatures Lubumbashi            <\/a>\n    <\/h4>\t\n\t        <div class=\"edgtf-bli-excerpt\">\n\t\t        \t\t<div class=\"edgtf-post-excerpt-holder\">\n\t\t\t<p itemprop=\"description\" class=\"edgtf-post-excerpt\">\n\t\t\t\tTu es artiste ? Tu as entre 18 et 35 ans ? Tu vis \u00e0 Lubumbashi ou dans ses environs ? Tu veux faire vibrer ta ville et tenter ta chance pour une finale nationale \u00e0 Kinshasa ? Le Festival\t\t\t<\/p>\n\t\t<\/div>\n\t\t\t        \t<div class=\"edgtf-post-read-more-button\">\n\t\t<a itemprop=\"url\" href=\"https:\/\/elongo-festival.com\/index.php\/2025\/04\/22\/appel-a-candidatures-lubumbashi\/\" target=\"_self\"  class=\"edgtf-btn edgtf-btn-medium edgtf-btn-simple edgtf-blog-list-button\" data-move=\"strict\" data-text=\"Read More\" >    <span class=\"edgtf-btn-text\">Read More<\/span>    <\/a>\t<\/div>\n\t        <\/div>\n        <\/div>\n\t<\/div>\n<\/li><li class=\"edgtf-bl-item edgtf-item-space\">\n\t<div class=\"edgtf-bli-inner\">\n\t\t\n\t<div class=\"edgtf-post-image\">\n\t\t\t\t\t<a itemprop=\"url\" href=\"https:\/\/elongo-festival.com\/index.php\/2025\/05\/21\/appel-a-exposants-village-du-festival-elongo-lubumbashi\/\" title=\"APPEL \u00c0 EXPOSANTS \u2014 VILLAGE DU FESTIVAL ELONGO &#8211; Lubumbashi\">\n\t\t\t\t\t<img loading=\"lazy\" decoding=\"async\" width=\"1889\" height=\"1261\" src=\"https:\/\/elongo-festival.com\/wp-content\/uploads\/2025\/05\/Enabel-Elongo-Banniere-site-Appel-a-Exposant-6.jpg\" class=\"attachment-full size-full wp-post-image\" alt=\"\" srcset=\"https:\/\/elongo-festival.com\/wp-content\/uploads\/2025\/05\/Enabel-Elongo-Banniere-site-Appel-a-Exposant-6.jpg 1889w, https:\/\/elongo-festival.com\/wp-content\/uploads\/2025\/05\/Enabel-Elongo-Banniere-site-Appel-a-Exposant-6-300x200.jpg 300w, https:\/\/elongo-festival.com\/wp-content\/uploads\/2025\/05\/Enabel-Elongo-Banniere-site-Appel-a-Exposant-6-1024x684.jpg 1024w, https:\/\/elongo-festival.com\/wp-content\/uploads\/2025\/05\/Enabel-Elongo-Banniere-site-Appel-a-Exposant-6-768x513.jpg 768w, https:\/\/elongo-festival.com\/wp-content\/uploads\/2025\/05\/Enabel-Elongo-Banniere-site-Appel-a-Exposant-6-1536x1025.jpg 1536w\" sizes=\"auto, (max-width: 1889px) 100vw, 1889px\" \/>\t\t\t\t\t<\/a>\n\t\t\t\t\t<\/div>\n        <div class=\"edgtf-bli-content\">\n                            <div class=\"edgtf-bli-info\">\n\t                <div itemprop=\"dateCreated\" class=\"edgtf-post-info-date entry-date published updated\">\n            <a itemprop=\"url\" href=\"https:\/\/elongo-festival.com\/index.php\/2025\/05\/\">\n    \n        21 May 2025        <\/a>\n    <meta itemprop=\"interactionCount\" content=\"UserComments: 0\"\/>\n<\/div><div class=\"edgtf-post-info-category\">\n    <a href=\"https:\/\/elongo-festival.com\/index.php\/category\/actualites\/\" rel=\"category tag\">Actualit\u00e9s<\/a><\/div><div class=\"edgtf-post-info-author\">\n    <span class=\"edgtf-post-info-author-text\">\n        By    <\/span>\n    <a itemprop=\"author\" class=\"edgtf-post-info-author-link\" href=\"https:\/\/elongo-festival.com\/index.php\/author\/admin6873\/\">\n        admin6873    <\/a>\n<\/div>                <\/div>\n            \t\n\t        \n<h4 itemprop=\"name\" class=\"entry-title edgtf-post-title\" >\n            <a itemprop=\"url\" href=\"https:\/\/elongo-festival.com\/index.php\/2025\/05\/21\/appel-a-exposants-village-du-festival-elongo-lubumbashi\/\" title=\"APPEL \u00c0 EXPOSANTS \u2014 VILLAGE DU FESTIVAL ELONGO &#8211; Lubumbashi\">\n            APPEL \u00c0 EXPOSANTS \u2014 VILLAGE DU FESTIVAL ELONGO &#8211; Lubumbashi            <\/a>\n    <\/h4>\t\n\t        <div class=\"edgtf-bli-excerpt\">\n\t\t        \t\t<div class=\"edgtf-post-excerpt-holder\">\n\t\t\t<p itemprop=\"description\" class=\"edgtf-post-excerpt\">\n\t\t\t\tDurant trois jours d\u2019effervescence culturelle du 19 au 21 juin 2025, le village Elongo accueillera un large public et proposera une diversit\u00e9 d\u2019activit\u00e9s : concerts, spectacles, ateliers, animations, restauration et rencontres professionnelles. Nous offrons aux marques, artisans, artistes, cr\u00e9ateurs, ONG\t\t\t<\/p>\n\t\t<\/div>\n\t\t\t        \t<div class=\"edgtf-post-read-more-button\">\n\t\t<a itemprop=\"url\" href=\"https:\/\/elongo-festival.com\/index.php\/2025\/05\/21\/appel-a-exposants-village-du-festival-elongo-lubumbashi\/\" target=\"_self\"  class=\"edgtf-btn edgtf-btn-medium edgtf-btn-simple edgtf-blog-list-button\" data-move=\"strict\" data-text=\"Read More\" >    <span class=\"edgtf-btn-text\">Read More<\/span>    <\/a>\t<\/div>\n\t        <\/div>\n        <\/div>\n\t<\/div>\n<\/li><li class=\"edgtf-bl-item edgtf-item-space\">\n\t<div class=\"edgtf-bli-inner\">\n\t\t\n\t<div class=\"edgtf-post-image\">\n\t\t\t\t\t<a itemprop=\"url\" href=\"https:\/\/elongo-festival.com\/index.php\/2025\/06\/06\/appel-a-benevoles-lubumbashi\/\" title=\"APPEL \u00c0 B\u00c9N\u00c9VOLES LUBUMBASHI\">\n\t\t\t\t\t<img loading=\"lazy\" decoding=\"async\" width=\"1889\" height=\"1261\" src=\"https:\/\/elongo-festival.com\/wp-content\/uploads\/2025\/06\/Enabel-Elongo-Banniere-site-Appel-a-Benevoles-ok.jpg\" class=\"attachment-full size-full wp-post-image\" alt=\"\" srcset=\"https:\/\/elongo-festival.com\/wp-content\/uploads\/2025\/06\/Enabel-Elongo-Banniere-site-Appel-a-Benevoles-ok.jpg 1889w, https:\/\/elongo-festival.com\/wp-content\/uploads\/2025\/06\/Enabel-Elongo-Banniere-site-Appel-a-Benevoles-ok-300x200.jpg 300w, https:\/\/elongo-festival.com\/wp-content\/uploads\/2025\/06\/Enabel-Elongo-Banniere-site-Appel-a-Benevoles-ok-1024x684.jpg 1024w, https:\/\/elongo-festival.com\/wp-content\/uploads\/2025\/06\/Enabel-Elongo-Banniere-site-Appel-a-Benevoles-ok-768x513.jpg 768w, https:\/\/elongo-festival.com\/wp-content\/uploads\/2025\/06\/Enabel-Elongo-Banniere-site-Appel-a-Benevoles-ok-1536x1025.jpg 1536w\" sizes=\"auto, (max-width: 1889px) 100vw, 1889px\" \/>\t\t\t\t\t<\/a>\n\t\t\t\t\t<\/div>\n        <div class=\"edgtf-bli-content\">\n                            <div class=\"edgtf-bli-info\">\n\t                <div itemprop=\"dateCreated\" class=\"edgtf-post-info-date entry-date published updated\">\n            <a itemprop=\"url\" href=\"https:\/\/elongo-festival.com\/index.php\/2025\/06\/\">\n    \n        6 June 2025        <\/a>\n    <meta itemprop=\"interactionCount\" content=\"UserComments: 0\"\/>\n<\/div><div class=\"edgtf-post-info-category\">\n    <a href=\"https:\/\/elongo-festival.com\/index.php\/category\/actualites\/\" rel=\"category tag\">Actualit\u00e9s<\/a><\/div><div class=\"edgtf-post-info-author\">\n    <span class=\"edgtf-post-info-author-text\">\n        By    <\/span>\n    <a itemprop=\"author\" class=\"edgtf-post-info-author-link\" href=\"https:\/\/elongo-festival.com\/index.php\/author\/admin6873\/\">\n        admin6873    <\/a>\n<\/div>                <\/div>\n            \t\n\t        \n<h4 itemprop=\"name\" class=\"entry-title edgtf-post-title\" >\n            <a itemprop=\"url\" href=\"https:\/\/elongo-festival.com\/index.php\/2025\/06\/06\/appel-a-benevoles-lubumbashi\/\" title=\"APPEL \u00c0 B\u00c9N\u00c9VOLES LUBUMBASHI\">\n            APPEL \u00c0 B\u00c9N\u00c9VOLES LUBUMBASHI            <\/a>\n    <\/h4>\t\n\t        <div class=\"edgtf-bli-excerpt\">\n\t\t        \t\t<div class=\"edgtf-post-excerpt-holder\">\n\t\t\t<p itemprop=\"description\" class=\"edgtf-post-excerpt\">\n\t\t\t\tTu veux vivre le festival de l\u2019int\u00e9rieur ? Rejoins l\u2019\u00e9quipe d\u2019organisation comme b\u00e9n\u00e9vole du 19 au 21 juin 2025 \u00e0 Lubumbashi !\t\t\t<\/p>\n\t\t<\/div>\n\t\t\t        \t<div class=\"edgtf-post-read-more-button\">\n\t\t<a itemprop=\"url\" href=\"https:\/\/elongo-festival.com\/index.php\/2025\/06\/06\/appel-a-benevoles-lubumbashi\/\" target=\"_self\"  class=\"edgtf-btn edgtf-btn-medium edgtf-btn-simple edgtf-blog-list-button\" data-move=\"strict\" data-text=\"Read More\" >    <span class=\"edgtf-btn-text\">Read More<\/span>    <\/a>\t<\/div>\n\t        <\/div>\n        <\/div>\n\t<\/div>\n<\/li><li class=\"edgtf-bl-item edgtf-item-space\">\n\t<div class=\"edgtf-bli-inner\">\n\t\t\n\t<div class=\"edgtf-post-image\">\n\t\t\t\t\t<a itemprop=\"url\" href=\"https:\/\/elongo-festival.com\/index.php\/2025\/07\/11\/appel-a-candidatures-mbuji-mayi\/\" title=\"Appel \u00e0 candidatures Mbuji-Mayi\">\n\t\t\t\t\t<img loading=\"lazy\" decoding=\"async\" width=\"1889\" height=\"1261\" src=\"https:\/\/elongo-festival.com\/wp-content\/uploads\/2025\/07\/Enabel-Elongo-Banniere-site-Appel-a-candidature-Mbuji-Mayi-01.jpg\" class=\"attachment-full size-full wp-post-image\" alt=\"Elongo Mbuji-Mayi\" srcset=\"https:\/\/elongo-festival.com\/wp-content\/uploads\/2025\/07\/Enabel-Elongo-Banniere-site-Appel-a-candidature-Mbuji-Mayi-01.jpg 1889w, https:\/\/elongo-festival.com\/wp-content\/uploads\/2025\/07\/Enabel-Elongo-Banniere-site-Appel-a-candidature-Mbuji-Mayi-01-300x200.jpg 300w, https:\/\/elongo-festival.com\/wp-content\/uploads\/2025\/07\/Enabel-Elongo-Banniere-site-Appel-a-candidature-Mbuji-Mayi-01-1024x684.jpg 1024w, https:\/\/elongo-festival.com\/wp-content\/uploads\/2025\/07\/Enabel-Elongo-Banniere-site-Appel-a-candidature-Mbuji-Mayi-01-768x513.jpg 768w, https:\/\/elongo-festival.com\/wp-content\/uploads\/2025\/07\/Enabel-Elongo-Banniere-site-Appel-a-candidature-Mbuji-Mayi-01-1536x1025.jpg 1536w\" sizes=\"auto, (max-width: 1889px) 100vw, 1889px\" \/>\t\t\t\t\t<\/a>\n\t\t\t\t\t<\/div>\n        <div class=\"edgtf-bli-content\">\n                            <div class=\"edgtf-bli-info\">\n\t                <div itemprop=\"dateCreated\" class=\"edgtf-post-info-date entry-date published updated\">\n            <a itemprop=\"url\" href=\"https:\/\/elongo-festival.com\/index.php\/2025\/07\/\">\n    \n        11 July 2025        <\/a>\n    <meta itemprop=\"interactionCount\" content=\"UserComments: 0\"\/>\n<\/div><div class=\"edgtf-post-info-category\">\n    <a href=\"https:\/\/elongo-festival.com\/index.php\/category\/actualites\/\" rel=\"category tag\">Actualit\u00e9s<\/a><\/div><div class=\"edgtf-post-info-author\">\n    <span class=\"edgtf-post-info-author-text\">\n        By    <\/span>\n    <a itemprop=\"author\" class=\"edgtf-post-info-author-link\" href=\"https:\/\/elongo-festival.com\/index.php\/author\/admin6873\/\">\n        admin6873    <\/a>\n<\/div>                <\/div>\n            \t\n\t        \n<h4 itemprop=\"name\" class=\"entry-title edgtf-post-title\" >\n            <a itemprop=\"url\" href=\"https:\/\/elongo-festival.com\/index.php\/2025\/07\/11\/appel-a-candidatures-mbuji-mayi\/\" title=\"Appel \u00e0 candidatures Mbuji-Mayi\">\n            Appel \u00e0 candidatures Mbuji-Mayi            <\/a>\n    <\/h4>\t\n\t        <div class=\"edgtf-bli-excerpt\">\n\t\t        \t\t<div class=\"edgtf-post-excerpt-holder\">\n\t\t\t<p itemprop=\"description\" class=\"edgtf-post-excerpt\">\n\t\t\t\tTu es artiste ? Tu as entre 18 et 35 ans ? Tu vis \u00e0 Mbuji-Mayi ou dans ses environs ? Tu veux faire vibrer ta ville et tenter ta chance pour une finale nationale \u00e0 Kinshasa ? Le Festival\t\t\t<\/p>\n\t\t<\/div>\n\t\t\t        \t<div class=\"edgtf-post-read-more-button\">\n\t\t<a itemprop=\"url\" href=\"https:\/\/elongo-festival.com\/index.php\/2025\/07\/11\/appel-a-candidatures-mbuji-mayi\/\" target=\"_self\"  class=\"edgtf-btn edgtf-btn-medium edgtf-btn-simple edgtf-blog-list-button\" data-move=\"strict\" data-text=\"Read More\" >    <span class=\"edgtf-btn-text\">Read More<\/span>    <\/a>\t<\/div>\n\t        <\/div>\n        <\/div>\n\t<\/div>\n<\/li><li class=\"edgtf-bl-item edgtf-item-space\">\n\t<div class=\"edgtf-bli-inner\">\n\t\t\n\t<div class=\"edgtf-post-image\">\n\t\t\t\t\t<a itemprop=\"url\" href=\"https:\/\/elongo-festival.com\/index.php\/2025\/08\/22\/programme-boostcamp-mbuji-mayi\/\" title=\"Programme des boostcamp Mbuji-Mayi\">\n\t\t\t\t\t<img decoding=\"async\" src=\"https:\/\/elongo-festival.com\/wp-content\/uploads\/2025\/08\/Elongo-MJM-Programme-Casting-1.png\" class=\"attachment-full size-full wp-post-image\" alt=\"\" \/>\t\t\t\t\t<\/a>\n\t\t\t\t\t<\/div>\n        <div class=\"edgtf-bli-content\">\n                            <div class=\"edgtf-bli-info\">\n\t                <div itemprop=\"dateCreated\" class=\"edgtf-post-info-date entry-date published updated\">\n            <a itemprop=\"url\" href=\"https:\/\/elongo-festival.com\/index.php\/2025\/08\/\">\n    \n        22 August 2025        <\/a>\n    <meta itemprop=\"interactionCount\" content=\"UserComments: 0\"\/>\n<\/div><div class=\"edgtf-post-info-category\">\n    <a href=\"https:\/\/elongo-festival.com\/index.php\/category\/actualites\/\" rel=\"category tag\">Actualit\u00e9s<\/a><\/div><div class=\"edgtf-post-info-author\">\n    <span class=\"edgtf-post-info-author-text\">\n        By    <\/span>\n    <a itemprop=\"author\" class=\"edgtf-post-info-author-link\" href=\"https:\/\/elongo-festival.com\/index.php\/author\/admin6873\/\">\n        admin6873    <\/a>\n<\/div>                <\/div>\n            \t\n\t        \n<h4 itemprop=\"name\" class=\"entry-title edgtf-post-title\" >\n            <a itemprop=\"url\" href=\"https:\/\/elongo-festival.com\/index.php\/2025\/08\/22\/programme-boostcamp-mbuji-mayi\/\" title=\"Programme des boostcamp Mbuji-Mayi\">\n            Programme des boostcamp Mbuji-Mayi            <\/a>\n    <\/h4>\t\n\t        <div class=\"edgtf-bli-excerpt\">\n\t\t        \t\t<div class=\"edgtf-post-excerpt-holder\">\n\t\t\t<p itemprop=\"description\" class=\"edgtf-post-excerpt\">\n\t\t\t\tProgramme des Boostacamp de Mbuji-Mayi\t\t\t<\/p>\n\t\t<\/div>\n\t\t\t        \t<div class=\"edgtf-post-read-more-button\">\n\t\t<a itemprop=\"url\" href=\"https:\/\/elongo-festival.com\/index.php\/2025\/08\/22\/programme-boostcamp-mbuji-mayi\/\" target=\"_self\"  class=\"edgtf-btn edgtf-btn-medium edgtf-btn-simple edgtf-blog-list-button\" data-move=\"strict\" data-text=\"Read More\" >    <span class=\"edgtf-btn-text\">Read More<\/span>    <\/a>\t<\/div>\n\t        <\/div>\n        <\/div>\n\t<\/div>\n<\/li><li class=\"edgtf-bl-item edgtf-item-space\">\n\t<div class=\"edgtf-bli-inner\">\n\t\t\n\t<div class=\"edgtf-post-image\">\n\t\t\t\t\t<a itemprop=\"url\" href=\"https:\/\/elongo-festival.com\/index.php\/2025\/09\/11\/appel-a-candidatures-kisangani\/\" title=\"Appel \u00e0 candidatures Kisangani\">\n\t\t\t\t\t<img loading=\"lazy\" decoding=\"async\" width=\"1889\" height=\"1261\" src=\"https:\/\/elongo-festival.com\/wp-content\/uploads\/2025\/09\/Enabel-Elongo-Banniere-site-Appel-a-candidature-Kisangani.png\" class=\"attachment-full size-full wp-post-image\" alt=\"\" srcset=\"https:\/\/elongo-festival.com\/wp-content\/uploads\/2025\/09\/Enabel-Elongo-Banniere-site-Appel-a-candidature-Kisangani.png 1889w, https:\/\/elongo-festival.com\/wp-content\/uploads\/2025\/09\/Enabel-Elongo-Banniere-site-Appel-a-candidature-Kisangani-300x200.png 300w, https:\/\/elongo-festival.com\/wp-content\/uploads\/2025\/09\/Enabel-Elongo-Banniere-site-Appel-a-candidature-Kisangani-1024x684.png 1024w, https:\/\/elongo-festival.com\/wp-content\/uploads\/2025\/09\/Enabel-Elongo-Banniere-site-Appel-a-candidature-Kisangani-768x513.png 768w, https:\/\/elongo-festival.com\/wp-content\/uploads\/2025\/09\/Enabel-Elongo-Banniere-site-Appel-a-candidature-Kisangani-1536x1025.png 1536w\" sizes=\"auto, (max-width: 1889px) 100vw, 1889px\" \/>\t\t\t\t\t<\/a>\n\t\t\t\t\t<\/div>\n        <div class=\"edgtf-bli-content\">\n                            <div class=\"edgtf-bli-info\">\n\t                <div itemprop=\"dateCreated\" class=\"edgtf-post-info-date entry-date published updated\">\n            <a itemprop=\"url\" href=\"https:\/\/elongo-festival.com\/index.php\/2025\/09\/\">\n    \n        11 September 2025        <\/a>\n    <meta itemprop=\"interactionCount\" content=\"UserComments: 0\"\/>\n<\/div><div class=\"edgtf-post-info-category\">\n    <a href=\"https:\/\/elongo-festival.com\/index.php\/category\/actualites\/\" rel=\"category tag\">Actualit\u00e9s<\/a><\/div><div class=\"edgtf-post-info-author\">\n    <span class=\"edgtf-post-info-author-text\">\n        By    <\/span>\n    <a itemprop=\"author\" class=\"edgtf-post-info-author-link\" href=\"https:\/\/elongo-festival.com\/index.php\/author\/admin6873\/\">\n        admin6873    <\/a>\n<\/div>                <\/div>\n            \t\n\t        \n<h4 itemprop=\"name\" class=\"entry-title edgtf-post-title\" >\n            <a itemprop=\"url\" href=\"https:\/\/elongo-festival.com\/index.php\/2025\/09\/11\/appel-a-candidatures-kisangani\/\" title=\"Appel \u00e0 candidatures Kisangani\">\n            Appel \u00e0 candidatures Kisangani            <\/a>\n    <\/h4>\t\n\t        <div class=\"edgtf-bli-excerpt\">\n\t\t        \t\t<div class=\"edgtf-post-excerpt-holder\">\n\t\t\t<p itemprop=\"description\" class=\"edgtf-post-excerpt\">\n\t\t\t\tTu es artiste ? Tu as entre 18 et 35 ans ? Tu vis \u00e0 Kisangani ou dans ses environs ? Tu veux faire vibrer ta ville et tenter ta chance pour une finale nationale \u00e0 Kinshasa ? Le Festival\t\t\t<\/p>\n\t\t<\/div>\n\t\t\t        \t<div class=\"edgtf-post-read-more-button\">\n\t\t<a itemprop=\"url\" href=\"https:\/\/elongo-festival.com\/index.php\/2025\/09\/11\/appel-a-candidatures-kisangani\/\" target=\"_self\"  class=\"edgtf-btn edgtf-btn-medium edgtf-btn-simple edgtf-blog-list-button\" data-move=\"strict\" data-text=\"Read More\" >    <span class=\"edgtf-btn-text\">Read More<\/span>    <\/a>\t<\/div>\n\t        <\/div>\n        <\/div>\n\t<\/div>\n<\/li><li class=\"edgtf-bl-item edgtf-item-space\">\n\t<div class=\"edgtf-bli-inner\">\n\t\t\n\t<div class=\"edgtf-post-image\">\n\t\t\t\t\t<a itemprop=\"url\" href=\"https:\/\/elongo-festival.com\/index.php\/2025\/09\/27\/appel-a-exposants-village-du-festival-elongo-kisangani\/\" title=\"APPEL \u00c0 EXPOSANTS \u2014 VILLAGE DU FESTIVAL ELONGO &#8211; Kisangani\">\n\t\t\t\t\t<img loading=\"lazy\" decoding=\"async\" width=\"1889\" height=\"1261\" src=\"https:\/\/elongo-festival.com\/wp-content\/uploads\/2025\/09\/Enabel-Elongo-Banniere-site-Appel-a-Exposant-KIS.jpg\" class=\"attachment-full size-full wp-post-image\" alt=\"\" srcset=\"https:\/\/elongo-festival.com\/wp-content\/uploads\/2025\/09\/Enabel-Elongo-Banniere-site-Appel-a-Exposant-KIS.jpg 1889w, https:\/\/elongo-festival.com\/wp-content\/uploads\/2025\/09\/Enabel-Elongo-Banniere-site-Appel-a-Exposant-KIS-300x200.jpg 300w, https:\/\/elongo-festival.com\/wp-content\/uploads\/2025\/09\/Enabel-Elongo-Banniere-site-Appel-a-Exposant-KIS-1024x684.jpg 1024w, https:\/\/elongo-festival.com\/wp-content\/uploads\/2025\/09\/Enabel-Elongo-Banniere-site-Appel-a-Exposant-KIS-768x513.jpg 768w, https:\/\/elongo-festival.com\/wp-content\/uploads\/2025\/09\/Enabel-Elongo-Banniere-site-Appel-a-Exposant-KIS-1536x1025.jpg 1536w\" sizes=\"auto, (max-width: 1889px) 100vw, 1889px\" \/>\t\t\t\t\t<\/a>\n\t\t\t\t\t<\/div>\n        <div class=\"edgtf-bli-content\">\n                            <div class=\"edgtf-bli-info\">\n\t                <div itemprop=\"dateCreated\" class=\"edgtf-post-info-date entry-date published updated\">\n            <a itemprop=\"url\" href=\"https:\/\/elongo-festival.com\/index.php\/2025\/09\/\">\n    \n        27 September 2025        <\/a>\n    <meta itemprop=\"interactionCount\" content=\"UserComments: 0\"\/>\n<\/div><div class=\"edgtf-post-info-category\">\n    <a href=\"https:\/\/elongo-festival.com\/index.php\/category\/actualites\/\" rel=\"category tag\">Actualit\u00e9s<\/a><\/div><div class=\"edgtf-post-info-author\">\n    <span class=\"edgtf-post-info-author-text\">\n        By    <\/span>\n    <a itemprop=\"author\" class=\"edgtf-post-info-author-link\" href=\"https:\/\/elongo-festival.com\/index.php\/author\/admin6873\/\">\n        admin6873    <\/a>\n<\/div>                <\/div>\n            \t\n\t        \n<h4 itemprop=\"name\" class=\"entry-title edgtf-post-title\" >\n            <a itemprop=\"url\" href=\"https:\/\/elongo-festival.com\/index.php\/2025\/09\/27\/appel-a-exposants-village-du-festival-elongo-kisangani\/\" title=\"APPEL \u00c0 EXPOSANTS \u2014 VILLAGE DU FESTIVAL ELONGO &#8211; Kisangani\">\n            APPEL \u00c0 EXPOSANTS \u2014 VILLAGE DU FESTIVAL ELONGO &#8211; Kisangani            <\/a>\n    <\/h4>\t\n\t        <div class=\"edgtf-bli-excerpt\">\n\t\t        \t\t<div class=\"edgtf-post-excerpt-holder\">\n\t\t\t<p itemprop=\"description\" class=\"edgtf-post-excerpt\">\n\t\t\t\tDurant trois jours d\u2019effervescence culturelle du 23 au 25 octobre 2025, le village Elongo accueillera un large public et proposera une diversit\u00e9 d\u2019activit\u00e9s : concerts, spectacles, ateliers, animations, restauration et rencontres professionnelles. Nous offrons aux marques, artisans, artistes, cr\u00e9ateurs, ONG\t\t\t<\/p>\n\t\t<\/div>\n\t\t\t        \t<div class=\"edgtf-post-read-more-button\">\n\t\t<a itemprop=\"url\" href=\"https:\/\/elongo-festival.com\/index.php\/2025\/09\/27\/appel-a-exposants-village-du-festival-elongo-kisangani\/\" target=\"_self\"  class=\"edgtf-btn edgtf-btn-medium edgtf-btn-simple edgtf-blog-list-button\" data-move=\"strict\" data-text=\"Read More\" >    <span class=\"edgtf-btn-text\">Read More<\/span>    <\/a>\t<\/div>\n\t        <\/div>\n        <\/div>\n\t<\/div>\n<\/li><li class=\"edgtf-bl-item edgtf-item-space\">\n\t<div class=\"edgtf-bli-inner\">\n\t\t\n\t<div class=\"edgtf-post-image\">\n\t\t\t\t\t<a itemprop=\"url\" href=\"https:\/\/elongo-festival.com\/index.php\/2025\/12\/02\/appel-a-exposants-village-du-festival-elongo-kinshasa\/\" title=\"APPEL \u00c0 EXPOSANTS \u2014 VILLAGE DU FESTIVAL ELONGO &#8211; Kinshasa\">\n\t\t\t\t\t<img loading=\"lazy\" decoding=\"async\" width=\"1080\" height=\"1350\" src=\"https:\/\/elongo-festival.com\/wp-content\/uploads\/2025\/12\/Elongo-Appel-exposant-1080x1350-KIN.jpg\" class=\"attachment-full size-full wp-post-image\" alt=\"\" srcset=\"https:\/\/elongo-festival.com\/wp-content\/uploads\/2025\/12\/Elongo-Appel-exposant-1080x1350-KIN.jpg 1080w, https:\/\/elongo-festival.com\/wp-content\/uploads\/2025\/12\/Elongo-Appel-exposant-1080x1350-KIN-240x300.jpg 240w, https:\/\/elongo-festival.com\/wp-content\/uploads\/2025\/12\/Elongo-Appel-exposant-1080x1350-KIN-819x1024.jpg 819w, https:\/\/elongo-festival.com\/wp-content\/uploads\/2025\/12\/Elongo-Appel-exposant-1080x1350-KIN-768x960.jpg 768w\" sizes=\"auto, (max-width: 1080px) 100vw, 1080px\" \/>\t\t\t\t\t<\/a>\n\t\t\t\t\t<\/div>\n        <div class=\"edgtf-bli-content\">\n                            <div class=\"edgtf-bli-info\">\n\t                <div itemprop=\"dateCreated\" class=\"edgtf-post-info-date entry-date published updated\">\n            <a itemprop=\"url\" href=\"https:\/\/elongo-festival.com\/index.php\/2025\/12\/\">\n    \n        2 December 2025        <\/a>\n    <meta itemprop=\"interactionCount\" content=\"UserComments: 0\"\/>\n<\/div><div class=\"edgtf-post-info-category\">\n    <a href=\"https:\/\/elongo-festival.com\/index.php\/category\/actualites\/\" rel=\"category tag\">Actualit\u00e9s<\/a><\/div><div class=\"edgtf-post-info-author\">\n    <span class=\"edgtf-post-info-author-text\">\n        By    <\/span>\n    <a itemprop=\"author\" class=\"edgtf-post-info-author-link\" href=\"https:\/\/elongo-festival.com\/index.php\/author\/admin6873\/\">\n        admin6873    <\/a>\n<\/div>                <\/div>\n            \t\n\t        \n<h4 itemprop=\"name\" class=\"entry-title edgtf-post-title\" >\n            <a itemprop=\"url\" href=\"https:\/\/elongo-festival.com\/index.php\/2025\/12\/02\/appel-a-exposants-village-du-festival-elongo-kinshasa\/\" title=\"APPEL \u00c0 EXPOSANTS \u2014 VILLAGE DU FESTIVAL ELONGO &#8211; Kinshasa\">\n            APPEL \u00c0 EXPOSANTS \u2014 VILLAGE DU FESTIVAL ELONGO &#8211; Kinshasa            <\/a>\n    <\/h4>\t\n\t        <div class=\"edgtf-bli-excerpt\">\n\t\t        \t\t<div class=\"edgtf-post-excerpt-holder\">\n\t\t\t<p itemprop=\"description\" class=\"edgtf-post-excerpt\">\n\t\t\t\tDurant trois jours d\u2019effervescence culturelle du 13 au 14 d\u00e9cembre 2025, le village Elongo accueillera un large public et proposera une diversit\u00e9 d\u2019activit\u00e9s : concerts, spectacles, ateliers, animations, restauration et rencontres professionnelles. Nous offrons aux marques, artisans, artistes, cr\u00e9ateurs, ONG\t\t\t<\/p>\n\t\t<\/div>\n\t\t\t        \t<div class=\"edgtf-post-read-more-button\">\n\t\t<a itemprop=\"url\" href=\"https:\/\/elongo-festival.com\/index.php\/2025\/12\/02\/appel-a-exposants-village-du-festival-elongo-kinshasa\/\" target=\"_self\"  class=\"edgtf-btn edgtf-btn-medium edgtf-btn-simple edgtf-blog-list-button\" data-move=\"strict\" data-text=\"Read More\" >    <span class=\"edgtf-btn-text\">Read More<\/span>    <\/a>\t<\/div>\n\t        <\/div>\n        <\/div>\n\t<\/div>\n<\/li>\t\t<\/ul>\n\t<\/div>\n\t<\/div>[\/vc_column][\/vc_row]<\/p>\n<\/div>","protected":false},"excerpt":{"rendered":"<p>[vc_row][vc_column][\/vc_column][\/vc_row][vc_row row_content_width=&#8221;grid&#8221; css=&#8221;.vc_custom_1547481087568{padding-top: 148px !important;}&#8221;][vc_column][\/vc_column][\/vc_row][vc_row content_placement=&#8221;top&#8221; row_content_width=&#8221;grid&#8221; css=&#8221;.vc_custom_1545926961944{padding-top: 32px !important;padding-bottom: 153px !important;}&#8221;][vc_column][\/vc_column][\/vc_row][vc_row][vc_column][\/vc_column][\/vc_row]<\/p>\n","protected":false},"author":1,"featured_media":0,"parent":0,"menu_order":0,"comment_status":"closed","ping_status":"closed","template":"full-width.php","meta":{"footnotes":""},"class_list":["post-387","page","type-page","status-publish","hentry"],"_links":{"self":[{"href":"https:\/\/elongo-festival.com\/index.php\/wp-json\/wp\/v2\/pages\/387","targetHints":{"allow":["GET"]}}],"collection":[{"href":"https:\/\/elongo-festival.com\/index.php\/wp-json\/wp\/v2\/pages"}],"about":[{"href":"https:\/\/elongo-festival.com\/index.php\/wp-json\/wp\/v2\/types\/page"}],"author":[{"embeddable":true,"href":"https:\/\/elongo-festival.com\/index.php\/wp-json\/wp\/v2\/users\/1"}],"replies":[{"embeddable":true,"href":"https:\/\/elongo-festival.com\/index.php\/wp-json\/wp\/v2\/comments?post=387"}],"version-history":[{"count":7,"href":"https:\/\/elongo-festival.com\/index.php\/wp-json\/wp\/v2\/pages\/387\/revisions"}],"predecessor-version":[{"id":3138,"href":"https:\/\/elongo-festival.com\/index.php\/wp-json\/wp\/v2\/pages\/387\/revisions\/3138"}],"wp:attachment":[{"href":"https:\/\/elongo-festival.com\/index.php\/wp-json\/wp\/v2\/media?parent=387"}],"curies":[{"name":"wp","href":"https:\/\/api.w.org\/{rel}","templated":true}]}}